{"id":885,"date":"2016-12-15T22:46:06","date_gmt":"2016-12-15T22:46:06","guid":{"rendered":"https:\/\/www.cooperativazenith.it\/?page_id=885"},"modified":"2026-04-15T14:22:45","modified_gmt":"2026-04-15T14:22:45","slug":"5-x-mille","status":"publish","type":"page","link":"https:\/\/www.cooperativazenith.it\/index.php\/5-x-mille\/","title":{"rendered":"5\u00d71000"},"content":{"rendered":"<div class=\"wpb-content-wrapper\">[vc_row fullwidth=&#8221;true&#8221; visibility=&#8221;hidden-sm&#8221; css=&#8221;.vc_custom_1615998523618{margin-top: -50px !important;}&#8221;][vc_column][vc_single_image image=&#8221;14552&#8243; img_size=&#8221;full&#8221; alignment=&#8221;center&#8221; css=&#8221;&#8221;][\/vc_column][\/vc_row][vc_row fullwidth=&#8221;true&#8221; visibility=&#8221;visible-sm&#8221; css=&#8221;.vc_custom_1774962911339{margin-top: -25px !important;background-color: #EDEDED !important;}&#8221;][vc_column][vc_single_image image=&#8221;14553&#8243; img_size=&#8221;full&#8221; alignment=&#8221;center&#8221; css=&#8221;&#8221;][vc_empty_space height=&#8221;20px&#8221;][\/vc_column][\/vc_row][vc_row fullwidth=&#8221;true&#8221; visibility=&#8221;hidden-sm&#8221; css=&#8221;.vc_custom_1773844716697{margin-top: -40px !important;background-color: #FF7900 !important;}&#8221;][vc_column][vc_empty_space height=&#8221;20px&#8221;][vc_custom_heading text=&#8221;Abbiamo chiesto agli anziani cosa vogliono davvero.<br \/>\nOra vogliamo realizzarlo.&#8221; font_container=&#8221;tag:h2|text_align:left|color:%23FFFFFF&#8221; google_fonts=&#8221;font_family:Montserrat%3Aregular%2C700|font_style:700%20bold%20regular%3A700%3Anormal&#8221; css=&#8221;.vc_custom_1773844901640{padding-top: 30px !important;padding-right: 30px !important;padding-left: 30px !important;}&#8221;][vc_custom_heading text=&#8221;Il tuo 5&#215;1000 diventa il gesto che permette a qualcuno di tornare a uscire, incontrare persone, scoprire luoghi, sentirsi parte di qualcosa.&#8221; font_container=&#8221;tag:h3|text_align:left|color:%23FFFFFF&#8221; google_fonts=&#8221;font_family:Montserrat%3Aregular%2C700|font_style:400%20regular%3A400%3Anormal&#8221; css=&#8221;.vc_custom_1773845097209{padding-right: 30px !important;padding-left: 30px !important;}&#8221;][vc_empty_space height=&#8221;50px&#8221;][\/vc_column][\/vc_row][vc_row fullwidth=&#8221;true&#8221; visibility=&#8221;visible-sm&#8221; css=&#8221;.vc_custom_1773845151231{margin-top: -40px !important;background-color: #FF7900 !important;}&#8221;][vc_column][vc_custom_heading text=&#8221;Abbiamo chiesto agli anziani cosa vogliono davvero.&#8221; font_container=&#8221;tag:h3|text_align:left|color:%23FFFFFF&#8221; google_fonts=&#8221;font_family:Montserrat%3Aregular%2C700|font_style:700%20bold%20regular%3A700%3Anormal&#8221; css=&#8221;.vc_custom_1773846322790{padding-top: 30px !important;padding-right: 15px !important;padding-left: 15px !important;}&#8221;][vc_custom_heading text=&#8221;Ora vogliamo realizzarlo.&#8221; font_container=&#8221;tag:h3|text_align:left|color:%23FFFFFF&#8221; google_fonts=&#8221;font_family:Montserrat%3Aregular%2C700|font_style:700%20bold%20regular%3A700%3Anormal&#8221; css=&#8221;.vc_custom_1773846356492{padding-right: 15px !important;padding-left: 15px !important;}&#8221;][vc_empty_space height=&#8221;20px&#8221;][vc_custom_heading text=&#8221;Il tuo 5&#215;1000 diventa il gesto che permette a qualcuno di tornare a uscire, incontrare persone, scoprire luoghi, sentirsi parte di qualcosa.&#8221; font_container=&#8221;tag:h4|text_align:left|color:%23FFFFFF&#8221; google_fonts=&#8221;font_family:Montserrat%3Aregular%2C700|font_style:400%20regular%3A400%3Anormal&#8221; css=&#8221;.vc_custom_1773846288929{padding-right: 15px !important;padding-left: 15px !important;}&#8221;][vc_empty_space height=&#8221;30px&#8221;][\/vc_column][\/vc_row][vc_row fullwidth=&#8221;true&#8221; visibility=&#8221;hidden-sm&#8221; css=&#8221;.vc_custom_1774866422811{background-color: #FFFFFF !important;}&#8221;][vc_column width=&#8221;1\/2&#8243;][vc_empty_space height=&#8221;20px&#8221;][vc_custom_heading text=&#8221;Siamo Zenith&#8221; font_container=&#8221;tag:h3|text_align:left|color:%23FF7900&#8243; google_fonts=&#8221;font_family:Montserrat%3Aregular%2C700|font_style:700%20bold%20regular%3A700%3Anormal&#8221; css=&#8221;.vc_custom_1773848269412{padding-top: 30px !important;padding-right: 30px !important;padding-left: 15px !important;}&#8221;][vc_custom_heading text=&#8221;cooperativa sociale a Torino.&#8221; font_container=&#8221;tag:h3|text_align:left|color:%23000000&#8243; google_fonts=&#8221;font_family:Montserrat%3Aregular%2C700|font_style:700%20bold%20regular%3A700%3Anormal&#8221; css=&#8221;.vc_custom_1773848966610{margin-top: -15px !important;padding-right: 30px !important;padding-left: 15px !important;}&#8221;][vc_custom_heading text=&#8221;Lavoriamo ogni giorno accanto a persone fragili, tra cui molti anziani che vivono momenti di solitudine e isolamento.&#8221; font_container=&#8221;tag:h3|text_align:left|color:%23000000&#8243; google_fonts=&#8221;font_family:Montserrat%3Aregular%2C700|font_style:400%20regular%3A400%3Anormal&#8221; css=&#8221;.vc_custom_1773847675049{padding-right: 30px !important;padding-left: 15px !important;}&#8221;][\/vc_column][vc_column width=&#8221;1\/2&#8243; css=&#8221;.vc_custom_1773847723846{background-color: #FFFFFF00 !important;}&#8221;][vc_empty_space height=&#8221;20px&#8221;][vc_custom_heading text=&#8221;Con i contributi del 5&#215;1000 non vogliamo realizzare grandi progetti decisi a tavolino, ma venire incontro a desideri concreti:&#8221; font_container=&#8221;tag:h3|text_align:left|color:%23000000&#8243; google_fonts=&#8221;font_family:Montserrat%3Aregular%2C700|font_style:700%20bold%20regular%3A700%3Anormal&#8221; css=&#8221;.vc_custom_1774873197493{padding-top: 30px !important;padding-right: 30px !important;padding-left: 15px !important;}&#8221;][vc_custom_heading text=&#8221;uscire, viaggiare, incontrarsi, riscoprire il piacere di esserci insieme agli altri.&#8221; font_container=&#8221;tag:h3|text_align:left|color:%23000000&#8243; google_fonts=&#8221;font_family:Montserrat%3Aregular%2C700|font_style:400%20regular%3A400%3Anormal&#8221; css=&#8221;.vc_custom_1774873204667{margin-top: -10px !important;padding-right: 30px !important;padding-left: 15px !important;}&#8221;][vc_empty_space height=&#8221;50px&#8221;][\/vc_column][\/vc_row][vc_row fullwidth=&#8221;true&#8221; visibility=&#8221;visible-sm&#8221; css=&#8221;.vc_custom_1774867815324{background-color: #FFFFFF !important;}&#8221;][vc_column][vc_custom_heading text=&#8221;Siamo Zenith&#8221; font_container=&#8221;tag:h3|text_align:left|color:%23FF7900&#8243; google_fonts=&#8221;font_family:Montserrat%3Aregular%2C700|font_style:700%20bold%20regular%3A700%3Anormal&#8221; css=&#8221;.vc_custom_1773848269412{padding-top: 30px !important;padding-right: 30px !important;padding-left: 15px !important;}&#8221;][vc_custom_heading text=&#8221;cooperativa sociale a Torino.&#8221; font_container=&#8221;tag:h3|text_align:left|color:%23000000&#8243; google_fonts=&#8221;font_family:Montserrat%3Aregular%2C700|font_style:700%20bold%20regular%3A700%3Anormal&#8221; css=&#8221;.vc_custom_1773848978075{margin-top: -15px !important;padding-right: 30px !important;padding-left: 15px !important;}&#8221;][vc_empty_space height=&#8221;10px&#8221;][vc_custom_heading text=&#8221;Lavoriamo ogni giorno accanto a persone fragili, tra cui molti anziani che vivono momenti di solitudine e isolamento.&#8221; font_container=&#8221;tag:h4|text_align:left|color:%23000000&#8243; google_fonts=&#8221;font_family:Montserrat%3Aregular%2C700|font_style:400%20regular%3A400%3Anormal&#8221; css=&#8221;.vc_custom_1773848739074{padding-right: 30px !important;padding-left: 15px !important;}&#8221;][vc_custom_heading text=&#8221;Non vogliamo realizzare grandi progetti decisi a tavolino, ma venire incontro a desideri concreti:&#8221; font_container=&#8221;tag:h4|text_align:left|color:%23000000&#8243; google_fonts=&#8221;font_family:Montserrat%3Aregular%2C700|font_style:700%20bold%20regular%3A700%3Anormal&#8221; css=&#8221;.vc_custom_1774873948472{padding-top: 10px !important;padding-right: 30px !important;padding-left: 15px !important;}&#8221;][vc_custom_heading text=&#8221;uscire, viaggiare, incontrarsi, riscoprire il piacere di esserci insieme agli altri.&#8221; font_container=&#8221;tag:h4|text_align:left|color:%23000000&#8243; google_fonts=&#8221;font_family:Montserrat%3Aregular%2C700|font_style:400%20regular%3A400%3Anormal&#8221; css=&#8221;.vc_custom_1774873955621{margin-top: -10px !important;padding-right: 30px !important;padding-left: 15px !important;}&#8221;][vc_empty_space height=&#8221;30px&#8221;][\/vc_column][\/vc_row][vc_row fullwidth=&#8221;true&#8221; equal_columns=&#8221;true&#8221; attached=&#8221;true&#8221; visibility=&#8221;hidden-sm&#8221;][vc_column][vc_row_inner attached=&#8221;true&#8221;][vc_column_inner width=&#8221;1\/4&#8243;][vc_single_image image=&#8221;14326&#8243; img_size=&#8221;full&#8221; alignment=&#8221;center&#8221; css=&#8221;&#8221;][vc_single_image image=&#8221;14327&#8243; img_size=&#8221;full&#8221; alignment=&#8221;center&#8221; css=&#8221;.vc_custom_1774355801740{margin-top: -35px !important;}&#8221;][\/vc_column_inner][vc_column_inner width=&#8221;1\/4&#8243;][vc_single_image image=&#8221;14330&#8243; img_size=&#8221;full&#8221; alignment=&#8221;center&#8221; css=&#8221;&#8221;][vc_single_image image=&#8221;14329&#8243; img_size=&#8221;full&#8221; alignment=&#8221;center&#8221; css=&#8221;.vc_custom_1774355844426{margin-top: -35px !important;}&#8221;][\/vc_column_inner][vc_column_inner width=&#8221;1\/4&#8243;][vc_single_image image=&#8221;14332&#8243; img_size=&#8221;full&#8221; alignment=&#8221;center&#8221; css=&#8221;&#8221;][vc_single_image image=&#8221;11224&#8243; img_size=&#8221;full&#8221; alignment=&#8221;center&#8221; css=&#8221;.vc_custom_1710240775338{margin-top: -35px !important;}&#8221;][\/vc_column_inner][vc_column_inner width=&#8221;1\/4&#8243;][vc_single_image image=&#8221;14328&#8243; img_size=&#8221;full&#8221; alignment=&#8221;center&#8221; css=&#8221;&#8221;][vc_single_image image=&#8221;14331&#8243; img_size=&#8221;full&#8221; alignment=&#8221;center&#8221; css=&#8221;.vc_custom_1774356103673{margin-top: -35px !important;}&#8221;][\/vc_column_inner][\/vc_row_inner][\/vc_column][\/vc_row][vc_row visibility=&#8221;hidden-sm&#8221;][vc_column width=&#8221;1\/2&#8243;][vc_empty_space height=&#8221;30px&#8221;][vc_column_text css=&#8221;.vc_custom_1774866025346{margin-bottom: 0px !important;}&#8221;]<span style=\"color: #000000;\">Ci sono mattine che iniziano con le mani in pasta e finiscono con una risata condivisa.\u00a0<\/span><span style=\"color: #000000;\">Ci sono pomeriggi in cui ci si muove insieme, in un parco o in una stanza, riscoprendo il piacere di esserci, di alzare le braccia, di guardarsi negli occhi.\u00a0<\/span><span style=\"color: #000000;\">Ci sono giornate all\u2019aria aperta, tavolate improvvisate, gruppi che nascono quasi per caso e poi restano.<\/span>[\/vc_column_text][vc_column_text css=&#8221;.vc_custom_1774872242177{margin-bottom: 0px !important;}&#8221;]<span style=\"color: #000000;\"><strong>Sono momenti semplici, ma per molte persone anziane non sono scontati: uscire, incontrarsi, stare insieme.<\/strong><\/span>[\/vc_column_text][vc_empty_space height=&#8221;30px&#8221;][\/vc_column][vc_column width=&#8221;1\/2&#8243;][vc_empty_space height=&#8221;30px&#8221;][vc_column_text css=&#8221;.vc_custom_1774867089313{margin-bottom: 0px !important;}&#8221;]<span style=\"color: #000000;\">Negli anni abbiamo realizzato tante attivit\u00e0, incontri, momenti condivisi. \u00c8 proprio l\u00ec, in mezzo alle persone, che abbiamo raccolto desideri, bisogni, idee.<\/span>[\/vc_column_text][vc_empty_space height=&#8221;15px&#8221;][vc_custom_heading text=&#8221;\u00c8 da questo ascolto che partiamo, da ci\u00f2 che le persone anziane desiderano davvero. E da qui vogliamo continuare.&#8221; font_container=&#8221;tag:h3|text_align:center|color:%23FF7900&#8243; google_fonts=&#8221;font_family:Montserrat%3Aregular%2C700|font_style:700%20bold%20regular%3A700%3Anormal&#8221; css=&#8221;&#8221;][\/vc_column][\/vc_row][vc_row visibility=&#8221;hidden-sm&#8221;][vc_column][vc_empty_space height=&#8221;30px&#8221;][\/vc_column][\/vc_row][vc_row fullwidth=&#8221;true&#8221; equal_columns=&#8221;true&#8221; attached=&#8221;true&#8221; visibility=&#8221;visible-sm&#8221;][vc_column][vc_row_inner attached=&#8221;true&#8221;][vc_column_inner][vc_single_image image=&#8221;14329&#8243; img_size=&#8221;full&#8221; alignment=&#8221;center&#8221; css=&#8221;&#8221;][vc_single_image image=&#8221;14326&#8243; img_size=&#8221;full&#8221; alignment=&#8221;center&#8221; css=&#8221;.vc_custom_1774356273879{margin-top: -35px !important;}&#8221;][vc_single_image image=&#8221;14332&#8243; img_size=&#8221;full&#8221; alignment=&#8221;center&#8221; css=&#8221;.vc_custom_1774356287904{margin-top: -35px !important;}&#8221;][\/vc_column_inner][\/vc_row_inner][\/vc_column][\/vc_row][vc_row fullwidth=&#8221;true&#8221; visibility=&#8221;visible-sm&#8221; css=&#8221;.vc_custom_1774961425294{margin-top: -35px !important;padding-top: 25px !important;padding-right: 15px !important;padding-left: 15px !important;background-color: #EDEDED !important;}&#8221;][vc_column css=&#8221;.vc_custom_1774961352048{background-color: #FFFFFF00 !important;}&#8221;][vc_column_text css=&#8221;.vc_custom_1774866025346{margin-bottom: 0px !important;}&#8221;]<span style=\"color: #000000;\">Ci sono mattine che iniziano con le mani in pasta e finiscono con una risata condivisa.\u00a0<\/span><span style=\"color: #000000;\">Ci sono pomeriggi in cui ci si muove insieme, in un parco o in una stanza, riscoprendo il piacere di esserci, di alzare le braccia, di guardarsi negli occhi.\u00a0<\/span><span style=\"color: #000000;\">Ci sono giornate all\u2019aria aperta, tavolate improvvisate, gruppi che nascono quasi per caso e poi restano.<\/span>[\/vc_column_text][vc_column_text css=&#8221;.vc_custom_1774872232651{margin-bottom: 0px !important;}&#8221;]<span style=\"color: #000000;\"><strong>Sono momenti semplici, ma per molte persone anziane non sono scontati: uscire, incontrarsi, stare insieme.<\/strong><\/span>[\/vc_column_text][vc_column_text css=&#8221;.vc_custom_1774867103718{margin-bottom: 0px !important;}&#8221;]<span style=\"color: #000000;\">Negli anni abbiamo realizzato tante attivit\u00e0, incontri, momenti condivisi. \u00c8 proprio l\u00ec, in mezzo alle persone, che abbiamo raccolto desideri, bisogni, idee.<\/span>[\/vc_column_text][vc_empty_space height=&#8221;15px&#8221;][vc_custom_heading text=&#8221;\u00c8 da questo ascolto che partiamo, da ci\u00f2 che le persone anziane desiderano davvero. E da qui vogliamo continuare.&#8221; font_container=&#8221;tag:h3|text_align:center|color:%23FF7900&#8243; google_fonts=&#8221;font_family:Montserrat%3Aregular%2C700|font_style:700%20bold%20regular%3A700%3Anormal&#8221; css=&#8221;&#8221;][vc_empty_space height=&#8221;50px&#8221;][\/vc_column][\/vc_row][vc_row fullwidth=&#8221;true&#8221; visibility=&#8221;hidden-sm&#8221; css=&#8221;.vc_custom_1774359377793{margin-top: -35px !important;}&#8221;][vc_column][vc_row_inner css=&#8221;.vc_custom_1774866606194{background-color: #A6A6A6 !important;}&#8221;][vc_column_inner][vc_empty_space height=&#8221;20px&#8221;][vc_custom_heading text=&#8221;\u201cPoi un viaggio mi ha dato l&#8217;occasione di uscire&#8230;&#8220;&#8221; font_container=&#8221;tag:h2|font_size:40px|text_align:center|color:%23ffffff&#8221; google_fonts=&#8221;font_family:Montserrat%3Aregular%2C700|font_style:400%20regular%3A400%3Anormal&#8221; css=&#8221;&#8221;][vc_empty_space height=&#8221;20px&#8221;][\/vc_column_inner][\/vc_row_inner][vc_row_inner column_padding=&#8221;4&#8243; css=&#8221;.vc_custom_1774874784933{margin-top: 50px !important;margin-right: 20px !important;}&#8221;][vc_column_inner width=&#8221;1\/2&#8243; css=&#8221;.vc_custom_1774359942034{background-color: #EDEDED00 !important;}&#8221;][vc_single_image image=&#8221;14341&#8243; img_size=&#8221;full&#8221; alignment=&#8221;center&#8221; css=&#8221;.vc_custom_1774866646102{margin-left: -35px !important;}&#8221;][vc_empty_space height=&#8221;15px&#8221;][vc_single_image image=&#8221;14342&#8243; img_size=&#8221;full&#8221; alignment=&#8221;center&#8221; css=&#8221;.vc_custom_1774866696733{margin-top: -35px !important;margin-bottom: 0px !important;margin-left: -35px !important;}&#8221;][vc_empty_space height=&#8221;30px&#8221;][vc_empty_space height=&#8221;50px&#8221;][\/vc_column_inner][vc_column_inner width=&#8221;1\/2&#8243; css=&#8221;.vc_custom_1774873323119{background-color: #EDEDED00 !important;}&#8221;][vc_column_text css=&#8221;.vc_custom_1776262888198{margin-right: 20px !important;margin-bottom: 0px !important;}&#8221;]\n<blockquote>\n<p data-section-id=\"9wif7e\" data-start=\"336\" data-end=\"377\"><span style=\"color: #000000;\" role=\"text\"><strong>\u201cPoi un viaggio mi ha dato l&#8217;occasione di uscire e di conoscere luoghi e persone nuove&#8230;\u201d<\/strong> &#8211; <\/span><span style=\"color: #000000;\"><strong>Susana<\/strong> lo dice con un sorriso leggero, come se fosse una cosa da poco. E invece non lo \u00e8.<\/span><\/p>\n<p data-start=\"439\" data-end=\"550\"><span style=\"color: #000000;\">Perch\u00e9 ci sono momenti in cui uscire diventa difficile. I giorni si somigliano e le occasioni si fanno pi\u00f9 rare.<\/span><\/p>\n<p data-start=\"552\" data-end=\"704\"><span style=\"color: #000000;\"><strong>La storia di Susana \u00e8 anche la storia di molte altre persone<\/strong>: vite che, poco alla volta, si restringono, spesso senza che nessuno se ne accorga davvero.<\/span><\/p>\n<p data-start=\"706\" data-end=\"817\"><span style=\"color: #000000;\">Poi \u00e8 arrivata Zenith, con il progetto <em>Anduma!<\/em>: un gruppo, una partenza, un fine settimana diverso dagli altri e <\/span><span style=\"color: #000000;\">succede qualcosa: si torna a guardare fuori dal finestrino, a camminare insieme, a condividere tempo e storie con persone nuove che possono diventare nuove amicizie.<\/span><\/p>\n<p data-start=\"951\" data-end=\"1050\"><span style=\"color: #000000;\">Non si \u00e8 trattato solo di un viaggio, ma della<\/span><span style=\"color: #000000;\"> sensazione, semplice ma potente, di <strong>essere di nuovo in movimento e fare parte di qualcosa di bello<\/strong>.<\/span><\/p>\n<\/blockquote>\n[\/vc_column_text][vc_empty_space height=&#8221;30px&#8221;][vc_custom_heading text=&#8221;I mini-viaggi di &#8220;Anduma!&#8220; sono alcune delle esperienze che abbiamo realizzato nell&#8217;ultimo anno.&#8221; font_container=&#8221;tag:h3|text_align:center&#8221; google_fonts=&#8221;font_family:Montserrat%3Aregular%2C700|font_style:700%20bold%20regular%3A700%3Anormal&#8221; css=&#8221;.vc_custom_1774873507915{padding-right: 40px !important;padding-left: 20px !important;}&#8221;][vc_custom_heading text=&#8221;Con il tuo 5&#215;1000&#8243; font_container=&#8221;tag:h3|text_align:center|color:%23FF7900&#8243; google_fonts=&#8221;font_family:Montserrat%3Aregular%2C700|font_style:700%20bold%20regular%3A700%3Anormal&#8221; css=&#8221;.vc_custom_1774873611012{padding-right: 40px !important;padding-left: 20px !important;}&#8221;][vc_custom_heading text=&#8221;vogliamo crearne molte altre.&#8221; font_container=&#8221;tag:h3|text_align:center|color:%23111111&#8243; google_fonts=&#8221;font_family:Montserrat%3Aregular%2C700|font_style:700%20bold%20regular%3A700%3Anormal&#8221; css=&#8221;.vc_custom_1774873697654{margin-top: -15px !important;padding-right: 40px !important;padding-left: 20px !important;}&#8221;][\/vc_column_inner][\/vc_row_inner][\/vc_column][\/vc_row][vc_row fullwidth=&#8221;true&#8221; visibility=&#8221;visible-sm&#8221;][vc_column][vc_row_inner css=&#8221;.vc_custom_1774866606194{background-color: #A6A6A6 !important;}&#8221;][vc_column_inner][vc_empty_space height=&#8221;10px&#8221;][vc_custom_heading text=&#8221;\u201cPoi un viaggio mi ha dato l&#8217;occasione di uscire&#8230;\u201d&#8221; font_container=&#8221;tag:h3|text_align:center|color:%23ffffff&#8221; google_fonts=&#8221;font_family:Montserrat%3Aregular%2C700|font_style:400%20regular%3A400%3Anormal&#8221; css=&#8221;&#8221;][\/vc_column_inner][\/vc_row_inner][vc_row_inner column_padding=&#8221;4&#8243; css=&#8221;.vc_custom_1774871931806{margin-top: -15px !important;}&#8221;][vc_column_inner css=&#8221;.vc_custom_1774359942034{background-color: #EDEDED00 !important;}&#8221;][vc_single_image image=&#8221;14341&#8243; img_size=&#8221;full&#8221; alignment=&#8221;center&#8221; css=&#8221;&#8221;][vc_single_image image=&#8221;14342&#8243; img_size=&#8221;full&#8221; alignment=&#8221;center&#8221; css=&#8221;.vc_custom_1774872120793{margin-top: -15px !important;margin-bottom: 0px !important;}&#8221;][vc_empty_space height=&#8221;30px&#8221;][vc_column_text css=&#8221;.vc_custom_1776262918340{margin-bottom: 0px !important;}&#8221;]\n<p data-section-id=\"9wif7e\" data-start=\"336\" data-end=\"377\"><span style=\"color: #000000;\"><span role=\"text\"><span style=\"color: #000000;\" role=\"text\"><strong>\u201cPoi un viaggio mi ha dato l&#8217;occasione di uscire e di conoscere luoghi e persone nuove&#8230;\u201d<\/strong><\/span> &#8211; <\/span><strong>Susana<\/strong> lo dice con un sorriso leggero, come se fosse una cosa da poco. E invece non lo \u00e8.<\/span><\/p>\n<p data-start=\"439\" data-end=\"550\"><span style=\"color: #000000;\">Perch\u00e9 ci sono momenti in cui uscire diventa difficile. I giorni si somigliano e le occasioni si fanno pi\u00f9 rare.<\/span><\/p>\n<p data-start=\"552\" data-end=\"704\"><span style=\"color: #000000;\"><strong>La storia di Susana \u00e8 anche la storia di molte altre persone<\/strong>: vite che, poco alla volta, si restringono, spesso senza che nessuno se ne accorga davvero.<\/span><\/p>\n<p data-start=\"706\" data-end=\"817\"><span style=\"color: #000000;\">Poi \u00e8 arrivata Zenith, con il progetto <em>Anduma!<\/em>: un gruppo, una partenza, un fine settimana diverso dagli altri e succede qualcosa: si torna a guardare fuori dal finestrino, a camminare insieme, a condividere tempo e storie con persone nuove che possono diventare nuove amicizie.<\/span><\/p>\n<p data-start=\"951\" data-end=\"1050\"><span style=\"color: #000000;\">Non si \u00e8 trattato solo di un viaggio, ma della sensazione, semplice ma potente, di <strong>essere di nuovo in movimento e fare parte di qualcosa di bello<\/strong>.<\/span><\/p>\n[\/vc_column_text][vc_empty_space height=&#8221;20px&#8221;][vc_custom_heading text=&#8221;I mini-viaggi di &#8220;Anduma!&#8220; sono alcune delle esperienze che abbiamo realizzato nell&#8217;ultimo anno.&#8221; font_container=&#8221;tag:h3|text_align:center&#8221; google_fonts=&#8221;font_family:Montserrat%3Aregular%2C700|font_style:700%20bold%20regular%3A700%3Anormal&#8221; css=&#8221;.vc_custom_1774873773599{padding-right: 30px !important;padding-left: 30px !important;}&#8221;][vc_custom_heading text=&#8221;Con il tuo 5&#215;1000&#8243; font_container=&#8221;tag:h3|text_align:center|color:%23FF7900&#8243; google_fonts=&#8221;font_family:Montserrat%3Aregular%2C700|font_style:700%20bold%20regular%3A700%3Anormal&#8221; css=&#8221;.vc_custom_1774873803405{padding-right: 30px !important;padding-left: 30px !important;}&#8221;][vc_custom_heading text=&#8221;vogliamo crearne molte altre.&#8221; font_container=&#8221;tag:h3|text_align:center&#8221; google_fonts=&#8221;font_family:Montserrat%3Aregular%2C700|font_style:700%20bold%20regular%3A700%3Anormal&#8221; css=&#8221;.vc_custom_1774873825607{margin-top: -15px !important;padding-right: 30px !important;padding-left: 30px !important;}&#8221;][vc_empty_space height=&#8221;35px&#8221;][\/vc_column_inner][\/vc_row_inner][\/vc_column][\/vc_row][vc_row fullwidth=&#8221;true&#8221; visibility=&#8221;hidden-sm&#8221;][vc_column][vc_row_inner css=&#8221;.vc_custom_1651136950273{background-color: #ff7900 !important;}&#8221;][vc_column_inner][vc_empty_space height=&#8221;20px&#8221;][vc_custom_heading text=&#8221;Come donare&#8221; font_container=&#8221;tag:h2|font_size:40px|text_align:center|color:%23ffffff&#8221; google_fonts=&#8221;font_family:Montserrat%3Aregular%2C700|font_style:400%20regular%3A400%3Anormal&#8221; css=&#8221;&#8221;][vc_empty_space height=&#8221;10px&#8221;][\/vc_column_inner][\/vc_row_inner][vc_row_inner css=&#8221;.vc_custom_1774963333313{margin-top: 5px !important;background-color: #1E73BE !important;}&#8221;][vc_column_inner][vc_empty_space height=&#8221;35px&#8221;][vc_custom_heading text=&#8221;Devolvere il 5&#215;1000 a Zenith non ti costa nulla.&#8221; font_container=&#8221;tag:h2|text_align:center|color:%23FFFFFF&#8221; google_fonts=&#8221;font_family:Montserrat%3Aregular%2C700|font_style:700%20bold%20regular%3A700%3Anormal&#8221; css=&#8221;&#8221;][vc_custom_heading text=&#8221;Bastano la tua firma e il codice fiscale di Zenith:&#8221; font_container=&#8221;tag:h2|text_align:center|color:%23FFFFFF&#8221; google_fonts=&#8221;font_family:Montserrat%3Aregular%2C700|font_style:400%20regular%3A400%3Anormal&#8221; css=&#8221;&#8221;][vc_custom_heading text=&#8221;07175390017&#8243; font_container=&#8221;tag:h2|font_size:60|text_align:center|color:%23FFFFFF&#8221; google_fonts=&#8221;font_family:Montserrat%3Aregular%2C700|font_style:700%20bold%20regular%3A700%3Anormal&#8221; css=&#8221;&#8221;][vc_empty_space height=&#8221;35px&#8221;][\/vc_column_inner][\/vc_row_inner][vc_row_inner column_padding=&#8221;4&#8243;][vc_column_inner width=&#8221;1\/2&#8243; css=&#8221;.vc_custom_1774880225632{background-color: #F5F5F5 !important;}&#8221;][vc_empty_space height=&#8221;50px&#8221;][vc_custom_heading text=&#8221;Se presenti il modello 730 o Redditi&#8221; font_container=&#8221;tag:h3|font_size:30|text_align:center|color:%23ff7900&#8243; google_fonts=&#8221;font_family:Montserrat%3Aregular%2C700|font_style:400%20regular%3A400%3Anormal&#8221;][vc_empty_space height=&#8221;75px&#8221;][vc_column_text css=&#8221;.vc_custom_1677150762449{margin-bottom: 0px !important;}&#8221;]\n<ol>\n<li><span style=\"color: #333333;\">Compila la scheda sul modello 730 o Redditi (ex Unico);<\/span><\/li>\n<li><span style=\"color: #333333;\">Firma nel riquadro \u201cScelta per la destinazione del cinque per mille dell\u2019IRPEF\u201d nella sezione<\/span><br \/>\n<span style=\"color: #333333;\"><em>\u201cSOSTEGNO DEGLI ENTI DEL TERZO SETTORE ISCRITTI NEL RUNTS&#8230;\u201d<\/em>;<\/span><\/li>\n<li><span style=\"color: #333333;\">Indica nel riquadro il <strong>codice fiscale di ZENITH: <\/strong><\/span><strong><span style=\"color: #ff6600;\">07175390017<span style=\"color: #333333;\">.<\/span><\/span><\/strong><\/li>\n<\/ol>\n[\/vc_column_text][vc_empty_space height=&#8221;20px&#8221;][vc_single_image image=&#8221;10189&#8243; img_size=&#8221;full&#8221;][vc_empty_space height=&#8221;20px&#8221;][\/vc_column_inner][vc_column_inner width=&#8221;1\/2&#8243; css=&#8221;.vc_custom_1677150407305{background-color: #ededed !important;}&#8221;][vc_empty_space height=&#8221;15px&#8221;][vc_custom_heading text=&#8221;Se non sei tenuto a presentare la dichiarazione dei redditi&#8221; font_container=&#8221;tag:h3|font_size:30|text_align:center|color:%23ff7900&#8243; google_fonts=&#8221;font_family:Montserrat%3Aregular%2C700|font_style:400%20regular%3A400%3Anormal&#8221;][vc_empty_space height=&#8221;35px&#8221;][vc_column_text css=&#8221;.vc_custom_1677486791237{margin-bottom: 0px !important;}&#8221;]\n<ol>\n<li>Compila la scheda fornita insieme al CU dal tuo datore di lavoro o dall\u2019ente erogatore della pensione firmando nel riquadro indicato come \u201c<em>SOSTEGNO DEGLI ENTI DEL TERZO SETTORE&#8230;<\/em>\u201d e indicando il <strong>codice fiscale di ZENITH: <span style=\"color: #ff6600;\">07175390017<\/span><\/strong>;<\/li>\n<li>Inserisci la scheda in una busta chiusa;<\/li>\n<li>Scrivi sulla busta \u201c<em>SCHEDA PER LA SCELTA DELLA DESTINAZIONE DEL 5 PER MILLE DELL\u2019IRPEF<\/em>\u201d e indica il tuo cognome, nome e codice fiscale;<\/li>\n<li>Consegnala a un ufficio postale (che la ricever\u00e0 gratuitamente) o a un intermediario abilitato alla trasmissione telematica (CAF, commercialisti\u2026).<\/li>\n<\/ol>\n[\/vc_column_text][vc_empty_space height=&#8221;30px&#8221;][vc_single_image image=&#8221;10190&#8243; img_size=&#8221;full&#8221;][vc_empty_space height=&#8221;100px&#8221;][\/vc_column_inner][\/vc_row_inner][\/vc_column][\/vc_row][vc_row fullwidth=&#8221;true&#8221; visibility=&#8221;visible-sm&#8221; css=&#8221;.vc_custom_1774357510876{background-color: #ffffff !important;}&#8221;][vc_column][vc_custom_heading text=&#8221;Come donare&#8221; font_container=&#8221;tag:h2|text_align:center|color:%23ffffff&#8221; google_fonts=&#8221;font_family:Montserrat%3Aregular%2C700|font_style:400%20regular%3A400%3Anormal&#8221; css=&#8221;.vc_custom_1774963781245{padding-top: 20px !important;padding-bottom: 20px !important;background-color: #ff7900 !important;}&#8221;][vc_row_inner css=&#8221;.vc_custom_1774963410149{margin-top: -5px !important;background-color: #1E73BE !important;}&#8221;][vc_column_inner][vc_empty_space height=&#8221;35px&#8221;][vc_custom_heading text=&#8221;Devolvere il 5&#215;1000 a Zenith non ti costa nulla.&#8221; font_container=&#8221;tag:h3|text_align:center|color:%23FFFFFF&#8221; google_fonts=&#8221;font_family:Montserrat%3Aregular%2C700|font_style:700%20bold%20regular%3A700%3Anormal&#8221; css=&#8221;&#8221;][vc_custom_heading text=&#8221;Bastano la tua firma e il codice fiscale di Zenith:&#8221; font_container=&#8221;tag:h3|text_align:center|color:%23FFFFFF&#8221; google_fonts=&#8221;font_family:Montserrat%3Aregular%2C700|font_style:400%20regular%3A400%3Anormal&#8221; css=&#8221;&#8221;][vc_custom_heading text=&#8221;07175390017&#8243; font_container=&#8221;tag:h2|font_size:40|text_align:center|color:%23FFFFFF&#8221; google_fonts=&#8221;font_family:Montserrat%3Aregular%2C700|font_style:700%20bold%20regular%3A700%3Anormal&#8221; css=&#8221;&#8221;][vc_empty_space height=&#8221;35px&#8221;][\/vc_column_inner][\/vc_row_inner][vc_row_inner css=&#8221;.vc_custom_1774880252246{background-color: #F5F5F5 !important;}&#8221;][vc_column_inner][vc_empty_space height=&#8221;20px&#8221;][vc_custom_heading text=&#8221;Se presenti il modello 730 o Redditi&#8221; font_container=&#8221;tag:h2|font_size:22|text_align:center|color:%23ff7900&#8243; google_fonts=&#8221;font_family:Montserrat%3Aregular%2C700|font_style:700%20bold%20regular%3A700%3Anormal&#8221; css=&#8221;&#8221;][vc_empty_space height=&#8221;20px&#8221;][vc_column_text css=&#8221;.vc_custom_1677144630684{margin-bottom: 0px !important;}&#8221;]\n<ol>\n<li><span style=\"color: #333333;\">Compila la scheda sul modello 730 o Redditi (ex Unico);<\/span><\/li>\n<li><span style=\"color: #333333;\">Firma nel riquadro \u201cScelta per la destinazione del cinque per mille dell\u2019IRPEF\u201d nella sezione<\/span><br \/>\n<span style=\"color: #333333;\"><em>\u201cSOSTEGNO DEGLI ENTI DEL TERZO SETTORE ISCRITTI NEL RUNTS&#8230;\u201d<\/em>;<\/span><\/li>\n<li><span style=\"color: #333333;\">Indica nel riquadro il codice fiscale di ZENITH: <strong>07175390017<\/strong>.<\/span><\/li>\n<\/ol>\n[\/vc_column_text][vc_empty_space height=&#8221;20px&#8221;][vc_single_image image=&#8221;10189&#8243; img_size=&#8221;full&#8221; alignment=&#8221;center&#8221; css=&#8221;.vc_custom_1677145722590{margin-top: -10px !important;}&#8221;][\/vc_column_inner][\/vc_row_inner][vc_row_inner css=&#8221;.vc_custom_1677145135780{background-color: #ededed !important;}&#8221;][vc_column_inner][vc_empty_space height=&#8221;30px&#8221;][vc_custom_heading text=&#8221;Se non sei tenuto a presentare la dichiarazione dei redditi&#8221; font_container=&#8221;tag:h2|font_size:22|text_align:center|color:%23ff7900&#8243; google_fonts=&#8221;font_family:Montserrat%3Aregular%2C700|font_style:700%20bold%20regular%3A700%3Anormal&#8221; css=&#8221;&#8221;][vc_empty_space height=&#8221;20px&#8221;][vc_column_text css=&#8221;.vc_custom_1677486778936{margin-bottom: 0px !important;}&#8221;]\n<ol>\n<li>Compila la scheda fornita insieme al CU dal tuo datore di lavoro o dall\u2019ente erogatore della pensione firmando nel riquadro indicato come \u201c<em>SOSTEGNO DEGLI ENTI DEL TERZO SETTORE&#8230;<\/em>\u201d e indicando il codice fiscale di ZENITH: 07175390017;<\/li>\n<li>Inserisci la scheda in una busta chiusa;<\/li>\n<li>Scrivi sulla busta \u201c<em>SCHEDA PER LA SCELTA DELLA DESTINAZIONE DEL 5 PER MILLE DELL\u2019IRPEF<\/em>\u201d e indica il tuo cognome, nome e codice fiscale;<\/li>\n<li>Consegnala a un ufficio postale (che la ricever\u00e0 gratuitamente) o a un intermediario abilitato alla trasmissione telematica (CAF, commercialisti\u2026).<\/li>\n<\/ol>\n[\/vc_column_text][vc_empty_space height=&#8221;20px&#8221;][vc_single_image image=&#8221;10190&#8243; img_size=&#8221;full&#8221; alignment=&#8221;center&#8221; css=&#8221;.vc_custom_1677145710172{margin-top: -10px !important;}&#8221;][\/vc_column_inner][\/vc_row_inner][\/vc_column][\/vc_row][vc_row fullwidth=&#8221;true&#8221; visibility=&#8221;hidden-sm&#8221; bg_type=&#8221;bg_color&#8221; bg_color_value=&#8221;#ffffff&#8221; css=&#8221;.vc_custom_1774879996174{margin-top: -15px !important;}&#8221;][vc_column][vc_empty_space height=&#8221;30px&#8221; css=&#8221;.vc_custom_1774871360868{background-color: #FF7900 !important;}&#8221;][vc_custom_heading text=&#8221;FAQ &#8211; Domande frequenti&#8221; font_container=&#8221;tag:h2|text_align:center|color:%23FFFFFF&#8221; google_fonts=&#8221;font_family:Montserrat%3Aregular%2C700|font_style:400%20regular%3A400%3Anormal&#8221; css=&#8221;.vc_custom_1774871401233{margin-bottom: 0px !important;background-color: #FF7900 !important;}&#8221;][vc_empty_space height=&#8221;30px&#8221; css=&#8221;.vc_custom_1774871382466{background-color: #FF7900 !important;}&#8221;][vc_empty_space height=&#8221;30px&#8221; css=&#8221;.vc_custom_1774871425569{background-color: #FFFFFF !important;}&#8221;][vc_toggle title=&#8221;Che cos&#8217;\u00e8 il 5&#215;1000?&#8221; css=&#8221;.vc_custom_1774963927140{padding-left: 30px !important;}&#8221;]<span style=\"color: #000000;\">Il 5\u00d71000 \u00e8 un particolare tipo di donazione che proviene dall\u2019imposta sul reddito delle persone fisiche \u2013 IRPEF \u2013 come stabilito dalla Legge Finanziaria del 2006. Chiunque presenti la dichiarazione dei redditi pu\u00f2 scegliere di destinare la propria quota, pari al 5\u00d71000, a finalit\u00e0 di sostegno di particolari enti no profit, o di finanziamento della ricerca scientifica, o universitaria e sanitaria, compilando, con firma e codice fiscale dell\u2019associazione, l\u2019apposita sezione sulla dichiarazione dei redditi. <strong>Se non si sceglie di donare il 5\u00d71000, il suo importo sar\u00e0 devoluto allo stato.<\/strong><\/span>[\/vc_toggle][vc_empty_space height=&#8221;15px&#8221;][vc_toggle title=&#8221;Chi pu\u00f2 donare il 5&#215;1000?&#8221; css=&#8221;.vc_custom_1774871463203{padding-left: 30px !important;}&#8221;]<span style=\"color: #000000;\">Chiunque fa la dichiarazione dei redditi ha la possibilit\u00e0 di destinare il 5\u00d71000 delle proprie tasse ad una specifica associazione, presentando i modelli: REDDITI (Ex UNICO), CERTIFICAZIONE UNICA, MODELLO 730.<\/span>[\/vc_toggle][vc_empty_space height=&#8221;15px&#8221;][vc_toggle title=&#8221;E&#8217; diverso dall&#8217;8&#215;1000?&#8221; css=&#8221;.vc_custom_1774871496808{padding-left: 30px !important;}&#8221;]<span style=\"color: #000000;\">Si: il 5\u00d71000 non sostituisce, ma si aggiunge al meccanismo dell\u20198\u00d71000. Entrambi permettono al contribuente di scegliere a chi devolvere una parte delle proprie imposte sul reddito, ma non vanno confusi perch\u00e9 hanno formule di destinazione fiscale diverse. Lo scopo dell\u20198 x1000 \u00e8 di offrire sostegno alla Chiesa di culto (confessioni e credo religiosi). Se non si sceglie di donare il 5\u00d71000, il suo importo sar\u00e0 devoluto allo stato.<\/span>[\/vc_toggle][vc_empty_space height=&#8221;15px&#8221; css=&#8221;.vc_custom_1774871474415{padding-left: 30px !important;}&#8221;][vc_toggle title=&#8221;Entro quando posso fare la dichiarazione dei redditi?&#8221; css=&#8221;.vc_custom_1774871482161{padding-left: 30px !important;}&#8221;]<span style=\"color: #000000;\">A causa dell&#8217;emergenza sanitaria e delle conseguenti proroghe degli obblighi contributivi, si rimanda al <strong><a href=\"https:\/\/www.agenziaentrate.gov.it\/portale\/home\" target=\"_blank\" rel=\"noopener\">sito dell&#8217;Agenzia delle Entrate<\/a><\/strong> per avere gli ultimi aggiornamenti in materia di scadenze della dichiarazione dei redditi.<\/span>[\/vc_toggle][vc_empty_space height=&#8221;60px&#8221;][\/vc_column][\/vc_row][vc_row fullwidth=&#8221;true&#8221; visibility=&#8221;visible-sm&#8221; bg_type=&#8221;bg_color&#8221; bg_color_value=&#8221;#ffffff&#8221; css=&#8221;.vc_custom_1616000702812{padding-left: 30px !important;}&#8221;][vc_column][vc_empty_space height=&#8221;50px&#8221;][vc_custom_heading text=&#8221;FAQ &#8211; Domande frequenti&#8221; font_container=&#8221;tag:h2|text_align:left|color:%23ff7900&#8243; google_fonts=&#8221;font_family:Montserrat%3Aregular%2C700|font_style:400%20regular%3A400%3Anormal&#8221;][vc_empty_space height=&#8221;30px&#8221;][vc_toggle title=&#8221;Che cos&#8217;\u00e8 il 5&#215;1000?&#8221; css=&#8221;&#8221;]<span style=\"color: #000000;\">Il 5\u00d71000 \u00e8 un particolare tipo di donazione che proviene dall\u2019imposta sul reddito delle persone fisiche \u2013 IRPEF \u2013 come stabilito dalla Legge Finanziaria del 2006. Chiunque presenti la dichiarazione dei redditi pu\u00f2 scegliere di destinare la propria quota, pari al 5\u00d71000, a finalit\u00e0 di sostegno di particolari enti no profit, o di finanziamento della ricerca scientifica, o universitaria e sanitaria, compilando, con firma e codice fiscale dell\u2019associazione, l\u2019apposita sezione sulla dichiarazione dei redditi. <strong>Se non si sceglie di donare il 5\u00d71000, il suo importo sar\u00e0 devoluto allo stato.<\/strong><\/span>[\/vc_toggle][vc_empty_space height=&#8221;15px&#8221;][vc_toggle title=&#8221;Chi pu\u00f2 donare il 5&#215;1000?&#8221;]<span style=\"color: #000000;\">Chiunque fa la dichiarazione dei redditi ha la possibilit\u00e0 di destinare il 5\u00d71000 delle proprie tasse ad una specifica associazione, presentando i modelli: REDDITI (Ex UNICO), CERTIFICAZIONE UNICA, MODELLO 730.<\/span>[\/vc_toggle][vc_empty_space height=&#8221;15px&#8221;][vc_toggle title=&#8221;E&#8217; diverso dall&#8217;8&#215;1000?&#8221;]<span style=\"color: #000000;\">Si: il 5\u00d71000 non sostituisce, ma si aggiunge al meccanismo dell\u20198\u00d71000. Entrambi permettono al contribuente di scegliere a chi devolvere una parte delle proprie imposte sul reddito, ma non vanno confusi perch\u00e9 hanno formule di destinazione fiscale diverse. Lo scopo dell\u20198 x1000 \u00e8 di offrire sostegno alla Chiesa di culto (confessioni e credo religiosi). Se non si sceglie di donare il 5\u00d71000, il suo importo sar\u00e0 devoluto allo stato.<\/span>[\/vc_toggle][vc_empty_space height=&#8221;15px&#8221;][vc_toggle title=&#8221;Entro quando posso fare la dichiarazione dei redditi?&#8221;]<span style=\"color: #000000;\">A causa dell&#8217;emergenza sanitaria e delle conseguenti proroghe degli obblighi contributivi, si rimanda al <strong><a href=\"https:\/\/www.agenziaentrate.gov.it\/portale\/home\" target=\"_blank\" rel=\"noopener\">sito dell&#8217;Agenzia delle Entrate<\/a><\/strong> per avere gli ultimi aggiornamenti in materia di scadenze della dichiarazione dei redditi.<\/span>[\/vc_toggle][vc_empty_space height=&#8221;50px&#8221;][\/vc_column][\/vc_row][vc_row fullwidth=&#8221;true&#8221; visibility=&#8221;visible-sm&#8221; css=&#8221;.vc_custom_1615999088030{padding-top: 30px !important;padding-right: 10px !important;padding-bottom: 30px !important;padding-left: 10px !important;background-color: #ff7900 !important;}&#8221;][vc_column][vc_custom_heading text=&#8221;Iscriviti alla nostra Newsletter&#8221; font_container=&#8221;tag:h3|text_align:center|color:%23ffffff&#8221; google_fonts=&#8221;font_family:Montserrat%3Aregular%2C700|font_style:700%20bold%20regular%3A700%3Anormal&#8221;][vc_custom_heading text=&#8221;Ti aggiorneremo sulle nostre iniziative e attivit\u00e0!&#8221; font_container=&#8221;tag:h4|text_align:center|color:%23ffffff&#8221; google_fonts=&#8221;font_family:Montserrat%3Aregular%2C700|font_style:400%20regular%3A400%3Anormal&#8221;][vc_empty_space height=&#8221;30px&#8221;][vc_raw_html]JTNDY2VudGVyJTNFJTBBJTNDYSUyMGhyZWYlM0QlMjIlMjNwb3BtYWtlLTU5NDYlMjIlM0UlM0NpbWclMjBzcmMlM0QlMjJodHRwcyUzQSUyRiUyRnd3dy5jb29wZXJhdGl2YXplbml0aC5pdCUyRndwLWNvbnRlbnQlMkZ1cGxvYWRzJTJGMjAyMyUyRjA1JTJGcHVsc2FudGUtaXNjcml2aXRpLW1vYmlsZS1jb3BpYS5qcGclMjIlMkYlM0UlM0MlMkZhJTNFJTBBJTNDJTJGcCUzRSUzQyUyRmNlbnRlciUzRQ==[\/vc_raw_html][\/vc_column][\/vc_row][vc_row fullwidth=&#8221;true&#8221; visibility=&#8221;hidden-sm&#8221; css=&#8221;.vc_custom_1651137414293{padding-top: 50px !important;padding-bottom: 40px !important;padding-left: 30px !important;background-color: #ff7900 !important;}&#8221;][vc_column][vc_custom_heading text=&#8221;Iscriviti alla nostra Newsletter&#8221; font_container=&#8221;tag:h1|text_align:center|color:%23ffffff&#8221; google_fonts=&#8221;font_family:Montserrat%3Aregular%2C700|font_style:400%20regular%3A400%3Anormal&#8221;][vc_custom_heading text=&#8221;Ti aggiorneremo sulle nostre iniziative e attivit\u00e0!&#8221; font_container=&#8221;tag:h3|text_align:center|color:%23ffffff&#8221; google_fonts=&#8221;font_family:Montserrat%3Aregular%2C700|font_style:400%20regular%3A400%3Anormal&#8221;][vc_empty_space height=&#8221;50px&#8221;][vc_raw_html]JTNDY2VudGVyJTNFJTBBJTNDYSUyMGhyZWYlM0QlMjIlMjNwb3BtYWtlLTU5NDYlMjIlM0UlM0NpbWclMjBzcmMlM0QlMjJodHRwcyUzQSUyRiUyRnd3dy5jb29wZXJhdGl2YXplbml0aC5pdCUyRndwLWNvbnRlbnQlMkZ1cGxvYWRzJTJGMjAyMyUyRjA1JTJGcHVsc2FudGUtaXNjcml2aXRpLWNvcHkuanBnJTIyJTJGJTNFJTNDJTJGYSUzRSUwQSUzQyUyRnAlM0UlM0MlMkZjZW50ZXIlM0U=[\/vc_raw_html][\/vc_column][\/vc_row]\n<\/div>","protected":false},"excerpt":{"rendered":"<p>[vc_row fullwidth=&#8221;true&#8221; visibility=&#8221;hidden-sm&#8221; css=&#8221;.vc_custom_1615998523618{margin-top: -50px !important;}&#8221;][vc_column][vc_single_image image=&#8221;14552&#8243; img_size=&#8221;full&#8221; alignment=&#8221;center&#8221; css=&#8221;&#8221;][\/vc_column][\/vc_row][vc_row fullwidth=&#8221;true&#8221; visibility=&#8221;visible-sm&#8221; css=&#8221;.vc_custom_1774962911339{margin-top: -25px !important;background-color: #EDEDED !important;}&#8221;][vc_column][vc_single_image image=&#8221;14553&#8243; img_size=&#8221;full&#8221; alignment=&#8221;center&#8221; css=&#8221;&#8221;][vc_empty_space height=&#8221;20px&#8221;][\/vc_column][\/vc_row][vc_row fullwidth=&#8221;true&#8221; visibility=&#8221;hidden-sm&#8221; css=&#8221;.vc_custom_1773844716697{margin-top: -40px !important;background-color: #FF7900 !important;}&#8221;][vc_column][vc_empty_space height=&#8221;20px&#8221;][vc_custom_heading text=&#8221;Abbiamo chiesto agli anziani cosa vogliono davvero. Ora vogliamo realizzarlo.&#8221; font_container=&#8221;tag:h2|text_align:left|color:%23FFFFFF&#8221; google_fonts=&#8221;font_family:Montserrat%3Aregular%2C700|font_style:700%20bold%20regular%3A700%3Anormal&#8221; css=&#8221;.vc_custom_1773844901640{padding-top: 30px !important;padding-right: 30px !important;padding-left: 30px !important;}&#8221;][vc_custom_heading text=&#8221;Il tuo 5&#215;1000 diventa il gesto [&hellip;]<\/p>\n","protected":false},"author":3,"featured_media":0,"parent":0,"menu_order":0,"comment_status":"closed","ping_status":"closed","template":"","meta":{"give_campaign_id":0,"om_disable_all_campaigns":false,"_uf_show_specific_survey":0,"_uf_disable_surveys":false,"footnotes":""},"class_list":["post-885","page","type-page","status-publish","hentry"],"campaignId":"","_links":{"self":[{"href":"https:\/\/www.cooperativazenith.it\/index.php\/wp-json\/wp\/v2\/pages\/885","targetHints":{"allow":["GET"]}}],"collection":[{"href":"https:\/\/www.cooperativazenith.it\/index.php\/wp-json\/wp\/v2\/pages"}],"about":[{"href":"https:\/\/www.cooperativazenith.it\/index.php\/wp-json\/wp\/v2\/types\/page"}],"author":[{"embeddable":true,"href":"https:\/\/www.cooperativazenith.it\/index.php\/wp-json\/wp\/v2\/users\/3"}],"replies":[{"embeddable":true,"href":"https:\/\/www.cooperativazenith.it\/index.php\/wp-json\/wp\/v2\/comments?post=885"}],"version-history":[{"count":381,"href":"https:\/\/www.cooperativazenith.it\/index.php\/wp-json\/wp\/v2\/pages\/885\/revisions"}],"predecessor-version":[{"id":14556,"href":"https:\/\/www.cooperativazenith.it\/index.php\/wp-json\/wp\/v2\/pages\/885\/revisions\/14556"}],"wp:attachment":[{"href":"https:\/\/www.cooperativazenith.it\/index.php\/wp-json\/wp\/v2\/media?parent=885"}],"curies":[{"name":"wp","href":"https:\/\/api.w.org\/{rel}","templated":true}]}}